{"id":2555,"date":"2014-09-24T17:13:46","date_gmt":"2014-09-24T17:13:46","guid":{"rendered":"http:\/\/34.253.136.193\/ga\/home\/"},"modified":"2025-09-10T14:25:18","modified_gmt":"2025-09-10T14:25:18","slug":"home","status":"publish","type":"page","link":"https:\/\/www.kilmainhamgaolmuseum.ie\/ga\/","title":{"rendered":"Baile"},"content":{"rendered":"<p>[et_pb_section fb_built=&#8221;1&#8243; custom_padding_last_edited=&#8221;on|desktop&#8221; admin_label=&#8221;section&#8221; _builder_version=&#8221;4.16&#8243; background_color=&#8221;rgba(255,255,255,0)&#8221; background_image=&#8221;http:\/\/www.kilmainhamgaolmuseum.ie\/wp-content\/uploads\/2014\/09\/6088_Kilmainham_Gaol_1386-1.jpg&#8221; custom_padding_tablet=&#8221;50px|0|50px|0&#8243; custom_padding_phone=&#8221;&#8221; transparent_background=&#8221;on&#8221; padding_mobile=&#8221;off&#8221; make_fullwidth=&#8221;off&#8221; use_custom_width=&#8221;off&#8221; width_unit=&#8221;on&#8221; global_colors_info=&#8221;{}&#8221;][et_pb_row admin_label=&#8221;row&#8221; _builder_version=&#8221;4.16&#8243; background_size=&#8221;initial&#8221; background_position=&#8221;top_left&#8221; background_repeat=&#8221;repeat&#8221; global_colors_info=&#8221;{}&#8221;][et_pb_column type=&#8221;4_4&#8243; _builder_version=&#8221;4.16&#8243; custom_padding=&#8221;|||&#8221; global_colors_info=&#8221;{}&#8221; custom_padding__hover=&#8221;|||&#8221;][et_pb_divider show_divider=&#8221;off&#8221; disabled_on=&#8221;on|on|off&#8221; admin_label=&#8221;Header Image Divider&#8221; _builder_version=&#8221;4.16&#8243; height=&#8221;150px&#8221; hide_on_mobile=&#8221;on&#8221; global_colors_info=&#8221;{}&#8221;]<\/p>\n<p>\n&nbsp;<\/p>\n<p>[\/et_pb_divider][et_pb_divider show_divider=&#8221;off&#8221; admin_label=&#8221;Header Image Divider&#8221; _builder_version=&#8221;4.16&#8243; height=&#8221;150px&#8221; hide_on_mobile=&#8221;off&#8221; global_colors_info=&#8221;{}&#8221;]<\/p>\n<p>\n&nbsp;<\/p>\n<p>[\/et_pb_divider][et_pb_text _builder_version=&#8221;4.21.0&#8243; text_font=&#8221;Droid Serif||||&#8221; text_text_color=&#8221;#2d2d2d&#8221; text_font_size=&#8221;45px&#8221; text_line_height=&#8221;1.3em&#8221; background_color=&#8221;rgba(255,255,255,0.61)&#8221; background_size=&#8221;initial&#8221; background_position=&#8221;top_left&#8221; background_repeat=&#8221;repeat&#8221; vertical_offset_tablet=&#8221;0&#8243; horizontal_offset_tablet=&#8221;0&#8243; text_orientation=&#8221;center&#8221; max_width=&#8221;700px&#8221; module_alignment=&#8221;center&#8221; custom_padding=&#8221;10px|||&#8221; z_index_tablet=&#8221;0&#8243; text_text_shadow_horizontal_length_tablet=&#8221;0px&#8221; text_text_shadow_vertical_length_tablet=&#8221;0px&#8221; text_text_shadow_blur_strength_tablet=&#8221;1px&#8221; link_text_shadow_horizontal_length_tablet=&#8221;0px&#8221; link_text_shadow_vertical_length_tablet=&#8221;0px&#8221; link_text_shadow_blur_strength_tablet=&#8221;1px&#8221; ul_text_shadow_horizontal_length_tablet=&#8221;0px&#8221; ul_text_shadow_vertical_length_tablet=&#8221;0px&#8221; ul_text_shadow_blur_strength_tablet=&#8221;1px&#8221; ol_text_shadow_horizontal_length_tablet=&#8221;0px&#8221; ol_text_shadow_vertical_length_tablet=&#8221;0px&#8221; ol_text_shadow_blur_strength_tablet=&#8221;1px&#8221; quote_text_shadow_horizontal_length_tablet=&#8221;0px&#8221; quote_text_shadow_vertical_length_tablet=&#8221;0px&#8221; quote_text_shadow_blur_strength_tablet=&#8221;1px&#8221; header_text_shadow_horizontal_length_tablet=&#8221;0px&#8221; header_text_shadow_vertical_length_tablet=&#8221;0px&#8221; header_text_shadow_blur_strength_tablet=&#8221;1px&#8221; header_2_text_shadow_horizontal_length_tablet=&#8221;0px&#8221; header_2_text_shadow_vertical_length_tablet=&#8221;0px&#8221; header_2_text_shadow_blur_strength_tablet=&#8221;1px&#8221; header_3_text_shadow_horizontal_length_tablet=&#8221;0px&#8221; header_3_text_shadow_vertical_length_tablet=&#8221;0px&#8221; header_3_text_shadow_blur_strength_tablet=&#8221;1px&#8221; header_4_text_shadow_horizontal_length_tablet=&#8221;0px&#8221; header_4_text_shadow_vertical_length_tablet=&#8221;0px&#8221; header_4_text_shadow_blur_strength_tablet=&#8221;1px&#8221; header_5_text_shadow_horizontal_length_tablet=&#8221;0px&#8221; header_5_text_shadow_vertical_length_tablet=&#8221;0px&#8221; header_5_text_shadow_blur_strength_tablet=&#8221;1px&#8221; header_6_text_shadow_horizontal_length_tablet=&#8221;0px&#8221; header_6_text_shadow_vertical_length_tablet=&#8221;0px&#8221; header_6_text_shadow_blur_strength_tablet=&#8221;1px&#8221; box_shadow_horizontal_tablet=&#8221;0px&#8221; box_shadow_vertical_tablet=&#8221;0px&#8221; box_shadow_blur_tablet=&#8221;40px&#8221; box_shadow_spread_tablet=&#8221;0px&#8221; use_border_color=&#8221;off&#8221; global_colors_info=&#8221;{}&#8221;]<\/p>\n<h3 style=\"text-align: center;\">Oifig na nOibreacha Poibl\u00ed<\/h3>\n<p style=\"text-align: center;\">M\u00fasaem Phr\u00edos\u00fan Chill Mhaighneann<\/p>\n<h4 style=\"text-align: center;\">\u00a0<\/h4>\n<h3 style=\"text-align: center;\">\u00a0<\/h3>\n<p>[\/et_pb_text][et_pb_divider show_divider=&#8221;off&#8221; admin_label=&#8221;Header Image Divider&#8221; _builder_version=&#8221;4.16&#8243; height=&#8221;50px&#8221; hide_on_mobile=&#8221;off&#8221; global_colors_info=&#8221;{}&#8221;]<\/p>\n<p>\n&nbsp;<\/p>\n<p>[\/et_pb_divider][\/et_pb_column][\/et_pb_row][\/et_pb_section][et_pb_section fb_built=&#8221;1&#8243; custom_padding_last_edited=&#8221;on|desktop&#8221; _builder_version=&#8221;4.16&#8243; background_color=&#8221;rgba(255,255,255,0)&#8221; custom_padding_tablet=&#8221;50px|0|50px|0&#8243; custom_padding_phone=&#8221;&#8221; transparent_background=&#8221;on&#8221; padding_mobile=&#8221;off&#8221; make_fullwidth=&#8221;off&#8221; use_custom_width=&#8221;off&#8221; width_unit=&#8221;on&#8221; global_colors_info=&#8221;{}&#8221;][et_pb_row column_structure=&#8221;1_2,1_2&#8243; padding_mobile=&#8221;on&#8221; column_padding_mobile=&#8221;on&#8221; _builder_version=&#8221;4.16&#8243; background_size=&#8221;initial&#8221; background_position=&#8221;top_left&#8221; background_repeat=&#8221;repeat&#8221; custom_padding=&#8221;||0px|&#8221; make_fullwidth=&#8221;off&#8221; use_custom_width=&#8221;off&#8221; width_unit=&#8221;on&#8221; global_colors_info=&#8221;{}&#8221;][et_pb_column type=&#8221;1_2&#8243; _builder_version=&#8221;4.16&#8243; custom_padding=&#8221;|||&#8221; global_colors_info=&#8221;{}&#8221; custom_padding__hover=&#8221;|||&#8221;][et_pb_text _builder_version=&#8221;4.27.3&#8243; _module_preset=&#8221;default&#8221; global_colors_info=&#8221;{}&#8221;]<\/p>\n<h4>F\u00d3GRA T\u00c1BHACHTACH<\/h4>\n<p>Tabhair faoi deara nach bhfuil cead ag eagra\u00edochta\u00ed tr\u00ed\u00fa p\u00e1irt\u00ed tic\u00e9id go Pr\u00edos\u00fan Chill Mhaighneann a dh\u00edol. N\u00ed bheidh tic\u00e9id a cheanna\u00edtear \u00f3 shu\u00edomhanna eile bail\u00ed &#8211; lena n\u2011\u00e1ir\u00edtear ard\u00e1in athdh\u00edola tic\u00e9adaithe &#8211; agus n\u00ed thabharfar cead isteach do dhaoine a bhfuil na tic\u00e9id sin acu. Anuas air sin, t\u00e1imid ar an eolas go bhfuil su\u00edomhanna gr\u00e9as\u00e1in br\u00e9agacha ann ag ma\u00edomh gur www.kilmainhamgaolmuseum.ie at\u00e1 iontu. T\u00e1 cuma chomhchos\u00fail ar na su\u00edomhanna gr\u00e9as\u00e1in agus na hainmneacha fearainn sin, ach n\u00edl aon bhaint ar chor ar bith acu le hOifig na nOibreacha Poibl\u00ed n\u00e1 le Pr\u00edos\u00fan Chill Mhaighneann. T\u00e1imid ag iarraidh ar dhaoine a bheith san airdeall, toisc nach f\u00e9idir seasamh le tic\u00e9id a ceanna\u00edodh ar shu\u00edomhanna br\u00e9agacha.<\/p>\n<p>Is \u00e9 seo an t\u2011aon su\u00edomh dlisteanach ar f\u00e9idir tic\u00e9id a cheannach air do Mh\u00fasaem Phr\u00edos\u00fan Chill Mhaighneann.<\/p>\n<p><a href=\"https:\/\/kilmainhamgaol.admit-one.eu\/index.php?s=OPW_KILM&amp;p=calendar&amp;ev=TOUR&amp;language=IE\">CUIR DO THIC\u00c9ID IN \u00c1IRITHE ANSEO<\/a><\/p>\n<p>[\/et_pb_text][et_pb_text _builder_version=&#8221;4.27.3&#8243; _module_preset=&#8221;default&#8221; global_colors_info=&#8221;{}&#8221;]<\/p>\n<h4>F\u00e1ilte go dt\u00ed M\u00fasaem Phr\u00edos\u00fan Chill Mhaighneann<\/h4>\n<p>Ar feadh os cionn 100 bliain, coinn\u00edodh na milte fear, ban agus leana\u00ed i bPr\u00edos\u00fan Chill Mhaighneann, cuid acu daortha as mionchoireanna neafaiseacha, a thuilleadh as bheith s\u00e1ite i gcuid de na heachtra\u00ed ba mh\u00f3 le r\u00e1 i stair na h\u00c9ireann.Turas tr\u00ed stair na h\u00c9ireann at\u00e1 i gceist le cuairt ar Phr\u00edos\u00fan Chill Mhaighneann. Beidh l\u00e9argas le fail agat orthu si\u00fad a coinn\u00edodh anseo mar ghn\u00e1thphr\u00edos\u00fanaigh, chomh maith leo si\u00fad a throid ar son shaoirse na h\u00c9ireann. \u00d3 \u00c9ir\u00ed Amach 1798, go dt\u00ed \u00c9ir\u00ed Amach na C\u00e1sca 1916, An Cogadh Angla-\u00c9ireannach (1919-21), go dt\u00ed cro\u00edbhriseadh Chogadh na gCarad (1922-23), t\u00e1 caibidil ag na heachtra\u00ed t\u00e1bhachtacha sin go l\u00e9ir i sc\u00e9al Phr\u00edos\u00fan Chill Mhaighneann.<\/p>\n<p>[\/et_pb_text][et_pb_divider _builder_version=&#8221;4.16&#8243; vertical_offset_tablet=&#8221;0&#8243; horizontal_offset_tablet=&#8221;0&#8243; z_index_tablet=&#8221;0&#8243; box_shadow_horizontal_tablet=&#8221;0px&#8221; box_shadow_vertical_tablet=&#8221;0px&#8221; box_shadow_blur_tablet=&#8221;40px&#8221; box_shadow_spread_tablet=&#8221;0px&#8221; global_colors_info=&#8221;{}&#8221;][\/et_pb_divider][et_pb_text admin_label=&#8221;Description Text&#8221; _builder_version=&#8221;4.27.4&#8243; background_size=&#8221;initial&#8221; background_position=&#8221;top_left&#8221; background_repeat=&#8221;repeat&#8221; use_border_color=&#8221;off&#8221; border_color=&#8221;#ffffff&#8221; border_style=&#8221;solid&#8221; global_colors_info=&#8221;{}&#8221;]<\/p>\n<h4>Cuairt a Thabhairt ar Phr\u00edos\u00fan Chill Mhaighneann<\/h4>\n<p>Ar thuras treoraithe amh\u00e1in a bh\u00edonn cead isteach go dt\u00ed an Pr\u00edos\u00fan. Mar sin, ar eagla go gcaillfe\u00e1 amach, molaimid go gcuirfe\u00e1 do<strong><a href=\"https:\/\/kilmainhamgaol.admit-one.eu\/index.php?s=OPW_KILM&amp;p=calendar&amp;ev=TOUR&amp;language=IE\"> thic\u00e9ad in \u00e1irithe roimh r\u00e9<\/a><\/strong>. Mura bhfuil an t-am n\u00f3 an data is ansa leat le f\u00e1il, seice\u00e1il \u00e1r su\u00edomh idirl\u00edn gach maidin i ndiaidh 9.15am chun na h\u00e1irithint\u00ed a cuireadh ar ceal an l\u00e1 sin a fheice\u00e1il. Ba ch\u00f3ir thart ar 90 n\u00f3im\u00e9ad a fh\u00e1g\u00e1il le haghaidh do thurais. Maireann an turas treoraithe uair an chloig, agus beidh cead isteach go dt\u00ed an m\u00fasaem agat chomh maith.Foirgneamh stairi\u00fail \u00e9 an Pr\u00edos\u00fan agus t\u00e1 d\u00fashl\u00e1in \u00e1irithe ag baint leis maidir le c\u00farsa\u00ed rochtana. Mar sin, ba ch\u00f3ir do chuairteoir\u00ed a \u00fas\u00e1ideann cathaoir rotha\u00ed agus do chuairteoir\u00ed a bhfuil c\u00faram speisialta de dh\u00edth orthu a bheith i dteagmh\u00e1il linn roimh r\u00e9 ag kilmainhamgaol@opw.ie sula gcuirtear tic\u00e9id in \u00e1irithe, agus is f\u00e9idir linn na socruithe cu\u00ed do do chuairt a dh\u00e9anamh.<\/p>\n<p>M\u00e1s mian leat cuairt scoile a eagr\u00fa, t\u00e1 an t-eolas go l\u00e9ir at\u00e1 uait le f\u00e1il ar \u00e1r <a href=\"https:\/\/www.kilmainhamgaolmuseum.ie\/ga\/education\/\"><strong>leathanach oideachais<\/strong><\/a>. Braitheann \u00e1irithint\u00ed de dheichni\u00far n\u00f3 n\u00edos m\u00f3 ar sp\u00e1s a bheith ar f\u00e1il. Is f\u00e9idir rphost a sheoladh chuig kilmainhamgaol@opw.ie chun eolas sa bhreis a fh\u00e1il.http:\/\/34.253.136.193\/ga\/education\/<\/p>\n<p>[\/et_pb_text][\/et_pb_column][et_pb_column type=&#8221;1_2&#8243; _builder_version=&#8221;4.16&#8243; custom_padding=&#8221;|||&#8221; global_colors_info=&#8221;{}&#8221; custom_padding__hover=&#8221;|||&#8221;][et_pb_text _builder_version=&#8221;4.20.0&#8243; _module_preset=&#8221;default&#8221; global_colors_info=&#8221;{}&#8221;]<\/p>\n<h4>\u00d3 Phr\u00edos\u00fan go S\u00e9adchomhartha N\u00e1isi\u00fanta<\/h4>\n<p>D\u2019oscail Pr\u00edos\u00fan Chill Mhaighneann ar dt\u00fas sa bhliain 1796 mar an Pr\u00edos\u00fan Contae nua do Bhaile \u00c1tha Cliath. Gn\u00e1thphr\u00edos\u00fanaigh ba ea an chuid is m\u00f3 acu si\u00fad a daoradh sa Phr\u00edos\u00fan ach is ann a coinn\u00edodh pr\u00edos\u00fanaigh pholaiti\u00fala \u00f3 ghluaiseacht na saoirse in \u00c9irinn chomh maith. Orthu si\u00fad a coinn\u00edodh anseo bh\u00ed Robert Emmet, Anne Devlin, na F\u00edn\u00edn\u00ed, Charles Stewart Parnell, An Chuntaois Markievicz agus ceannair\u00ed \u00c9ir\u00ed Amach na C\u00e1sca 1916. Cuireadh ceithre dhuine dh\u00e9ag de cheannair\u00ed 1916 chun b\u00e1is os comhair scuad l\u00e1mhaigh i gCl\u00f3s na mBristeoir\u00ed Cloch anseo. D\u00fanadh an Pr\u00edos\u00fan in 1924 ach caomhna\u00edodh mar sh\u00e9adchomhartha n\u00e1isi\u00fanta \u00e9 sna 1960id\u00ed agus rinne Coiste Athch\u00f3irithe Phr\u00edos\u00fan Chill Mhaighneann \u00e9 a athnuachan. Bronnadh ar an St\u00e1t \u00e9 in 1986 agus t\u00e1 s\u00e9 faoi smacht Oifig na nOibreacha Poibl\u00ed sa l\u00e1 at\u00e1 inniu ann.<\/p>\n<p>[\/et_pb_text][et_pb_divider _builder_version=&#8221;4.16&#8243; global_colors_info=&#8221;{}&#8221;][\/et_pb_divider][et_pb_text _builder_version=&#8221;4.27.0&#8243; _module_preset=&#8221;default&#8221; global_colors_info=&#8221;{}&#8221;]<\/p>\n<h4>Taispe\u00e1ntais Shealadacha<\/h4>\n<p>T\u00e1 Pr\u00edos\u00fan Chill Mhaighneann lom l\u00e1n de sc\u00e9alta, agus de ghr\u00e1 iad a insint b\u00edonn taispe\u00e1ntais shealadacha \u00e1 \u00f3st\u00e1il anseo againn go minic.<\/p>\n<p>[\/et_pb_text][\/et_pb_column][\/et_pb_row][\/et_pb_section][et_pb_section fb_built=&#8221;1&#8243; admin_label=&#8221;section&#8221; _builder_version=&#8221;4.16&#8243; background_color=&#8221;rgba(255,255,255,0)&#8221; transparent_background=&#8221;on&#8221; collapsed=&#8221;on&#8221; global_colors_info=&#8221;{}&#8221;][et_pb_row _builder_version=&#8221;4.16&#8243; background_size=&#8221;initial&#8221; background_position=&#8221;top_left&#8221; background_repeat=&#8221;repeat&#8221; global_colors_info=&#8221;{}&#8221;][et_pb_column type=&#8221;4_4&#8243; _builder_version=&#8221;4.16&#8243; custom_padding=&#8221;|||&#8221; global_colors_info=&#8221;{}&#8221; custom_padding__hover=&#8221;|||&#8221;][et_pb_divider color=&#8221;#565656&#8243; disabled_on=&#8221;on|on|off&#8221; _builder_version=&#8221;4.16&#8243; hide_on_mobile=&#8221;on&#8221; global_colors_info=&#8221;{}&#8221;]<\/p>\n<p>\n&nbsp;<\/p>\n<p>[\/et_pb_divider][\/et_pb_column][\/et_pb_row][\/et_pb_section][et_pb_section fb_built=&#8221;1&#8243; custom_padding_last_edited=&#8221;on|desktop&#8221; admin_label=&#8221;section&#8221; _builder_version=&#8221;4.16&#8243; background_color=&#8221;rgba(255,255,255,0)&#8221; custom_padding_tablet=&#8221;50px|0|50px|0&#8243; custom_padding_phone=&#8221;&#8221; transparent_background=&#8221;on&#8221; padding_mobile=&#8221;off&#8221; make_fullwidth=&#8221;off&#8221; use_custom_width=&#8221;off&#8221; width_unit=&#8221;on&#8221; global_colors_info=&#8221;{}&#8221;][et_pb_row column_structure=&#8221;1_4,1_4,1_4,1_4&#8243; admin_label=&#8221;row&#8221; _builder_version=&#8221;4.16&#8243; background_size=&#8221;initial&#8221; background_position=&#8221;top_left&#8221; background_repeat=&#8221;repeat&#8221; global_colors_info=&#8221;{}&#8221;][et_pb_column type=&#8221;1_4&#8243; _builder_version=&#8221;4.16&#8243; custom_padding=&#8221;|||&#8221; global_colors_info=&#8221;{}&#8221; custom_padding__hover=&#8221;|||&#8221;][et_pb_blurb title=&#8221;Plean\u00e1il Cuairt&#8221; url=&#8221;http:\/\/34.253.136.193\/ga\/plan-a-visit\/&#8221; use_icon=&#8221;on&#8221; font_icon=&#8221;&#xe01d;||divi||400&#8243; icon_color=&#8221;rgba(0,0,0,0.75)&#8221; image_icon_background_color=&#8221;#ffffff&#8221; image_icon_width=&#8221;48px&#8221; admin_label=&#8221;Plan a Visit Blurb&#8221; _builder_version=&#8221;4.16&#8243; background_size=&#8221;initial&#8221; background_position=&#8221;top_left&#8221; background_repeat=&#8221;repeat&#8221; image_icon_custom_padding=&#8221;25px|25px|25px|25px|false|false&#8221; text_orientation=&#8221;center&#8221; animation=&#8221;off&#8221; border_radii_image=&#8221;on|100%|100%|100%|100%&#8221; use_border_color=&#8221;off&#8221; border_color=&#8221;#ffffff&#8221; border_style=&#8221;solid&#8221; use_circle=&#8221;on&#8221; circle_color=&#8221;#ffffff&#8221; global_colors_info=&#8221;{}&#8221; image_icon_background_color__sticky_enabled=&#8221;#000000&#8243; image_icon_background_color__sticky=&#8221;#000000&#8243;]<\/p>\n<p class=\"p1\"><span class=\"s1\">Uaireanta Oscailte, su\u00edomh, c\u00farsa\u00ed taistil agus a thuilleadh.<\/span><\/p>\n<p>[\/et_pb_blurb][\/et_pb_column][et_pb_column type=&#8221;1_4&#8243; _builder_version=&#8221;4.16&#8243; custom_padding=&#8221;|||&#8221; global_colors_info=&#8221;{}&#8221; custom_padding__hover=&#8221;|||&#8221;][et_pb_blurb title=&#8221;Ceannaigh Tic\u00e9id&#8221; url=&#8221;http:\/\/kilmainhamgaol.admit-one.eu\/index.php?s=OPW_KILM&#038;p=calendar&#038;ev=TOUR&#038;lang=IE&#038;language=IE&#8221; use_icon=&#8221;on&#8221; font_icon=&#8221;&#xe108;||divi||400&#8243; icon_color=&#8221;rgba(0,0,0,0.75)&#8221; image_icon_background_color=&#8221;#ffffff&#8221; image_icon_width=&#8221;48px&#8221; admin_label=&#8221;Book a Tour Blurb&#8221; _builder_version=&#8221;4.16&#8243; background_size=&#8221;initial&#8221; background_position=&#8221;top_left&#8221; background_repeat=&#8221;repeat&#8221; image_icon_custom_padding=&#8221;25px|25px|25px|25px|false|false&#8221; text_orientation=&#8221;center&#8221; animation=&#8221;off&#8221; border_radii_image=&#8221;on|100%|100%|100%|100%&#8221; use_border_color=&#8221;off&#8221; border_color=&#8221;#ffffff&#8221; border_style=&#8221;solid&#8221; use_circle=&#8221;on&#8221; circle_color=&#8221;#ffffff&#8221; global_colors_info=&#8221;{}&#8221; image_icon_background_color__sticky_enabled=&#8221;#000000&#8243; image_icon_background_color__sticky=&#8221;#000000&#8243;]<\/p>\n<p class=\"p1\"><span class=\"s1\">Ceannaigh tic\u00e9id ar l\u00edne anois, chun \u00e1it a chinnti\u00fa ar \u00e1r dturas c\u00e1ili\u00fail.<\/span><\/p>\n<p>[\/et_pb_blurb][\/et_pb_column][et_pb_column type=&#8221;1_4&#8243; _builder_version=&#8221;4.16&#8243; custom_padding=&#8221;|||&#8221; global_colors_info=&#8221;{}&#8221; custom_padding__hover=&#8221;|||&#8221;][et_pb_blurb title=&#8221;Baili\u00fach\u00e1n&#8221; url=&#8221;http:\/\/34.253.136.193\/ga\/collection\/&#8221; use_icon=&#8221;on&#8221; font_icon=&#8221;&#xe018;||divi||400&#8243; icon_color=&#8221;rgba(0,0,0,0.75)&#8221; image_icon_background_color=&#8221;#ffffff&#8221; image_icon_width=&#8221;48px&#8221; admin_label=&#8221;Collection Blurb&#8221; _builder_version=&#8221;4.16&#8243; background_size=&#8221;initial&#8221; background_position=&#8221;top_left&#8221; background_repeat=&#8221;repeat&#8221; image_icon_custom_padding=&#8221;25px|25px|25px|25px|false|false&#8221; text_orientation=&#8221;center&#8221; animation=&#8221;off&#8221; border_radii_image=&#8221;on|100%|100%|100%|100%&#8221; use_border_color=&#8221;off&#8221; border_color=&#8221;#ffffff&#8221; border_style=&#8221;solid&#8221; use_circle=&#8221;on&#8221; circle_color=&#8221;#ffffff&#8221; global_colors_info=&#8221;{}&#8221; image_icon_background_color__sticky_enabled=&#8221;#000000&#8243; image_icon_background_color__sticky=&#8221;#000000&#8243;]<\/p>\n<p class=\"p1\"><span class=\"s1\">Buaicphoint\u00ed an bhuanbhaili\u00fach\u00e1in.<\/span><\/p>\n<p>[\/et_pb_blurb][\/et_pb_column][et_pb_column type=&#8221;1_4&#8243; _builder_version=&#8221;4.16&#8243; custom_padding=&#8221;|||&#8221; global_colors_info=&#8221;{}&#8221; custom_padding__hover=&#8221;|||&#8221;][et_pb_blurb title=&#8221;Oideachas&#8221; url=&#8221;http:\/\/34.253.136.193\/ga\/education\/&#8221; use_icon=&#8221;on&#8221; font_icon=&#8221;&#xe007;||divi||400&#8243; icon_color=&#8221;rgba(0,0,0,0.75)&#8221; image_icon_background_color=&#8221;#ffffff&#8221; image_icon_width=&#8221;48px&#8221; admin_label=&#8221;Education Blurb&#8221; _builder_version=&#8221;4.16&#8243; background_size=&#8221;initial&#8221; background_position=&#8221;top_left&#8221; background_repeat=&#8221;repeat&#8221; image_icon_custom_padding=&#8221;25px|25px|25px|25px|false|false&#8221; text_orientation=&#8221;center&#8221; animation=&#8221;off&#8221; border_radii_image=&#8221;on|100%|100%|100%|100%&#8221; use_border_color=&#8221;off&#8221; border_color=&#8221;#ffffff&#8221; border_style=&#8221;solid&#8221; use_circle=&#8221;on&#8221; circle_color=&#8221;#ffffff&#8221; global_colors_info=&#8221;{}&#8221; image_icon_background_color__sticky_enabled=&#8221;#000000&#8243; image_icon_background_color__sticky=&#8221;#000000&#8243;]<\/p>\n<p class=\"p1\"><span class=\"s1\">Eolas do mh\u00fainteoir\u00ed agus do scol\u00e1ir\u00ed.<\/span><\/p>\n<p>[\/et_pb_blurb][\/et_pb_column][\/et_pb_row][\/et_pb_section][et_pb_section fb_built=&#8221;1&#8243; _builder_version=&#8221;4.16&#8243; global_colors_info=&#8221;{}&#8221;][et_pb_row column_structure=&#8221;1_3,1_3,1_3&#8243; use_custom_gutter=&#8221;on&#8221; gutter_width=&#8221;1&#8243; padding_mobile=&#8221;off&#8221; column_padding_mobile=&#8221;on&#8221; module_class=&#8221; et_pb_row_fullwidth et_pb_row_fullwidth et_pb_row_fullwidth et_pb_row_fullwidth et_pb_row_fullwidth et_pb_row_fullwidth&#8221; _builder_version=&#8221;4.16&#8243; background_size=&#8221;initial&#8221; background_position=&#8221;top_left&#8221; background_repeat=&#8221;repeat&#8221; width=&#8221;100%&#8221; width_tablet=&#8221;100%&#8221; width_phone=&#8221;&#8221; width_last_edited=&#8221;on|desktop&#8221; max_width=&#8221;100%&#8221; max_width_tablet=&#8221;100%&#8221; max_width_phone=&#8221;&#8221; max_width_last_edited=&#8221;on|desktop&#8221; custom_padding=&#8221;0px|0px&#8221; make_fullwidth=&#8221;on&#8221; use_custom_width=&#8221;off&#8221; width_unit=&#8221;on&#8221; global_colors_info=&#8221;{}&#8221;][et_pb_column type=&#8221;1_3&#8243; _builder_version=&#8221;4.16&#8243; custom_padding=&#8221;|||&#8221; global_colors_info=&#8221;{}&#8221; custom_padding__hover=&#8221;|||&#8221;][et_pb_image src=&#8221;http:\/\/www.kilmainhamgaolmuseum.ie\/wp-content\/uploads\/2014\/09\/15PO-1A21-14-James-Brophy-3.jpg&#8221; url=&#8221;http:\/\/34.253.136.193\/ga\/prison-life\/&#8221; align=&#8221;center&#8221; align_tablet=&#8221;center&#8221; align_phone=&#8221;&#8221; align_last_edited=&#8221;on|desktop&#8221; admin_label=&#8221;Prisoner Image&#8221; _builder_version=&#8221;4.16&#8243; use_border_color=&#8221;off&#8221; border_color=&#8221;#ffffff&#8221; border_style=&#8221;solid&#8221; animation=&#8221;off&#8221; sticky=&#8221;off&#8221; always_center_on_mobile=&#8221;on&#8221; global_colors_info=&#8221;{}&#8221;]<\/p>\n<p>\n&nbsp;<\/p>\n<p>[\/et_pb_image][\/et_pb_column][et_pb_column type=&#8221;1_3&#8243; _builder_version=&#8221;4.16&#8243; custom_padding=&#8221;|||&#8221; global_colors_info=&#8221;{}&#8221; custom_padding__hover=&#8221;|||&#8221;][et_pb_image src=&#8221;http:\/\/www.kilmainhamgaolmuseum.ie\/wp-content\/uploads\/2016\/02\/08PH-3I32-05-019_0670-2000web80-2.jpg&#8221; url=&#8221;http:\/\/34.253.136.193\/ga\/resources\/&#8221; align=&#8221;center&#8221; align_tablet=&#8221;center&#8221; align_phone=&#8221;&#8221; align_last_edited=&#8221;on|desktop&#8221; admin_label=&#8221;Script Image&#8221; _builder_version=&#8221;4.16&#8243; use_border_color=&#8221;off&#8221; border_color=&#8221;#ffffff&#8221; border_style=&#8221;solid&#8221; animation=&#8221;off&#8221; sticky=&#8221;off&#8221; always_center_on_mobile=&#8221;on&#8221; global_colors_info=&#8221;{}&#8221;]<\/p>\n<p>\n&nbsp;<\/p>\n<p>[\/et_pb_image][\/et_pb_column][et_pb_column type=&#8221;1_3&#8243; _builder_version=&#8221;4.16&#8243; custom_padding=&#8221;|||&#8221; global_colors_info=&#8221;{}&#8221; custom_padding__hover=&#8221;|||&#8221;][et_pb_image src=&#8221;http:\/\/www.kilmainhamgaolmuseum.ie\/wp-content\/uploads\/2016\/02\/04EF-3N41-01_0064-2000web80-1024&#215;767.jpg&#8221; url=&#8221;http:\/\/34.253.136.193\/ga\/collection\/&#8221; align=&#8221;center&#8221; align_tablet=&#8221;center&#8221; align_phone=&#8221;&#8221; align_last_edited=&#8221;on|desktop&#8221; admin_label=&#8221;Box Image&#8221; _builder_version=&#8221;4.16&#8243; use_border_color=&#8221;off&#8221; border_color=&#8221;#ffffff&#8221; border_style=&#8221;solid&#8221; animation=&#8221;off&#8221; sticky=&#8221;off&#8221; always_center_on_mobile=&#8221;on&#8221; global_colors_info=&#8221;{}&#8221;]<\/p>\n<p>\n&nbsp;<\/p>\n<p>[\/et_pb_image][\/et_pb_column][\/et_pb_row][\/et_pb_section][et_pb_section fb_built=&#8221;1&#8243; custom_padding_last_edited=&#8221;on|desktop&#8221; admin_label=&#8221;section&#8221; _builder_version=&#8221;4.16&#8243; background_color=&#8221;rgba(255,255,255,0)&#8221; custom_padding_tablet=&#8221;50px|0|50px|0&#8243; custom_padding_phone=&#8221;&#8221; transparent_background=&#8221;on&#8221; padding_mobile=&#8221;off&#8221; make_fullwidth=&#8221;off&#8221; use_custom_width=&#8221;off&#8221; width_unit=&#8221;on&#8221; global_colors_info=&#8221;{}&#8221;][et_pb_row column_structure=&#8221;1_2,1_2&#8243; admin_label=&#8221;row&#8221; _builder_version=&#8221;4.16&#8243; background_size=&#8221;initial&#8221; background_position=&#8221;top_left&#8221; background_repeat=&#8221;repeat&#8221; global_colors_info=&#8221;{}&#8221;][et_pb_column type=&#8221;1_2&#8243; _builder_version=&#8221;4.16&#8243; custom_padding=&#8221;|||&#8221; global_colors_info=&#8221;{}&#8221; custom_padding__hover=&#8221;|||&#8221;][et_pb_blurb use_icon=&#8221;on&#8221; font_icon=&#8221;&#xe006;||divi||400&#8243; icon_color=&#8221;rgba(0,0,0,0.75)&#8221; icon_placement=&#8221;left&#8221; admin_label=&#8221;Images Blurb&#8221; _builder_version=&#8221;4.16&#8243; background_size=&#8221;initial&#8221; background_position=&#8221;top_left&#8221; background_repeat=&#8221;repeat&#8221; text_orientation=&#8221;center&#8221; use_border_color=&#8221;off&#8221; border_color=&#8221;#ffffff&#8221; border_style=&#8221;solid&#8221; global_colors_info=&#8221;{}&#8221;]<\/p>\n<p class=\"p1\"><span class=\"s1\">T\u00e1 foscr\u00edbhinn\u00ed ioml\u00e1na agus eolas a bhaineann le c\u00f3ipcheart do na h\u00edomh\u00e1nna ar fad le f\u00e1il sna Gailearaithe. M\u00e1s mian leat \u00fas\u00e1id a bhaint as aon cheann de na h\u00edomh\u00e1nna ar an su\u00edomh gr\u00e9as\u00e1in seo, t\u00e9igh i dteagmh\u00e1il linn le do thoil.<\/span><\/p>\n<p>[\/et_pb_blurb][\/et_pb_column][et_pb_column type=&#8221;1_2&#8243; _builder_version=&#8221;4.16&#8243; custom_padding=&#8221;|||&#8221; global_colors_info=&#8221;{}&#8221; custom_padding__hover=&#8221;|||&#8221;][et_pb_blurb use_icon=&#8221;on&#8221; font_icon=&#8221;&#xe02c;||divi||400&#8243; icon_color=&#8221;rgba(0,0,0,0.75)&#8221; icon_placement=&#8221;left&#8221; admin_label=&#8221;Links Blurb&#8221; _builder_version=&#8221;4.16&#8243; background_size=&#8221;initial&#8221; background_position=&#8221;top_left&#8221; background_repeat=&#8221;repeat&#8221; text_orientation=&#8221;center&#8221; animation=&#8221;left&#8221; use_border_color=&#8221;off&#8221; border_color=&#8221;#ffffff&#8221; border_style=&#8221;solid&#8221; global_colors_info=&#8221;{}&#8221;]<\/p>\n<p class=\"p1\"><span class=\"s1\">Aon naisc ar an su\u00edomh gr\u00e9as\u00e1in seo chuig \u00e1bhar seachtrach, t\u00e1 siad ann chun cr\u00edocha tagartha agus n\u00ed chuireann siad in i\u00fal go n-aonta\u00edmid lena bhfuil iontu.<\/span><\/p>\n<p>[\/et_pb_blurb][\/et_pb_column][\/et_pb_row][\/et_pb_section]<\/p>\n","protected":false},"excerpt":{"rendered":"<p>&nbsp; &nbsp; Oifig na nOibreacha Poibl\u00ed M\u00fasaem Phr\u00edos\u00fan Chill Mhaighneann \u00a0 \u00a0 &nbsp; F\u00d3GRA T\u00c1BHACHTACH Tabhair faoi deara nach bhfuil cead ag eagra\u00edochta\u00ed tr\u00ed\u00fa p\u00e1irt\u00ed tic\u00e9id go Pr\u00edos\u00fan Chill Mhaighneann a dh\u00edol. N\u00ed bheidh tic\u00e9id a cheanna\u00edtear \u00f3 shu\u00edomhanna eile bail\u00ed &#8211; lena n\u2011\u00e1ir\u00edtear ard\u00e1in athdh\u00edola tic\u00e9adaithe &#8211; agus n\u00ed thabharfar cead isteach do dhaoine [&hellip;]<\/p>\n","protected":false},"author":8,"featured_media":0,"parent":0,"menu_order":0,"comment_status":"closed","ping_status":"closed","template":"","meta":{"_et_pb_use_builder":"on","_et_pb_old_content":"","_et_gb_content_width":"","footnotes":""},"class_list":["post-2555","page","type-page","status-publish","hentry"],"_links":{"self":[{"href":"https:\/\/www.kilmainhamgaolmuseum.ie\/ga\/wp-json\/wp\/v2\/pages\/2555","targetHints":{"allow":["GET"]}}],"collection":[{"href":"https:\/\/www.kilmainhamgaolmuseum.ie\/ga\/wp-json\/wp\/v2\/pages"}],"about":[{"href":"https:\/\/www.kilmainhamgaolmuseum.ie\/ga\/wp-json\/wp\/v2\/types\/page"}],"author":[{"embeddable":true,"href":"https:\/\/www.kilmainhamgaolmuseum.ie\/ga\/wp-json\/wp\/v2\/users\/8"}],"replies":[{"embeddable":true,"href":"https:\/\/www.kilmainhamgaolmuseum.ie\/ga\/wp-json\/wp\/v2\/comments?post=2555"}],"version-history":[{"count":5,"href":"https:\/\/www.kilmainhamgaolmuseum.ie\/ga\/wp-json\/wp\/v2\/pages\/2555\/revisions"}],"predecessor-version":[{"id":5472,"href":"https:\/\/www.kilmainhamgaolmuseum.ie\/ga\/wp-json\/wp\/v2\/pages\/2555\/revisions\/5472"}],"wp:attachment":[{"href":"https:\/\/www.kilmainhamgaolmuseum.ie\/ga\/wp-json\/wp\/v2\/media?parent=2555"}],"curies":[{"name":"wp","href":"https:\/\/api.w.org\/{rel}","templated":true}]}}