{"id":2552,"date":"2014-10-25T14:03:06","date_gmt":"2014-10-25T14:03:06","guid":{"rendered":"http:\/\/34.253.136.193\/ga\/photo-gallery\/"},"modified":"2024-12-20T11:17:21","modified_gmt":"2024-12-20T11:17:21","slug":"photo-gallery","status":"publish","type":"page","link":"https:\/\/www.kilmainhamgaolmuseum.ie\/ga\/photo-gallery\/","title":{"rendered":"Gaileara\u00ed"},"content":{"rendered":"<p>[et_pb_section admin_label=&#8221;section&#8221; fullwidth=&#8221;off&#8221; specialty=&#8221;off&#8221; transparent_background=&#8221;off&#8221; background_color=&#8221;#754c00&#8243; inner_shadow=&#8221;off&#8221; parallax=&#8221;off&#8221; parallax_method=&#8221;off&#8221; allow_player_pause=&#8221;off&#8221; padding_mobile=&#8221;off&#8221; make_fullwidth=&#8221;off&#8221; use_custom_width=&#8221;off&#8221; width_unit=&#8221;on&#8221; make_equal=&#8221;off&#8221; use_custom_gutter=&#8221;off&#8221; gutter_width=&#8221;3&#8243;][et_pb_row admin_label=&#8221;row&#8221;][et_pb_column type=&#8221;4_4&#8243;][et_pb_text admin_label=&#8221;header&#8221; background_layout=&#8221;dark&#8221; text_orientation=&#8221;left&#8221; use_border_color=&#8221;off&#8221; border_color=&#8221;#ffffff&#8221; border_style=&#8221;solid&#8221; text_font_size=&#8221;14&#8243;]<\/p>\n<h1>Gaileara\u00ed<\/h1>\n<p>[\/et_pb_text][\/et_pb_column][\/et_pb_row][\/et_pb_section][et_pb_section admin_label=&#8221;Section&#8221; fullwidth=&#8221;off&#8221; specialty=&#8221;off&#8221; transparent_background=&#8221;on&#8221; allow_player_pause=&#8221;off&#8221; inner_shadow=&#8221;off&#8221; parallax=&#8221;off&#8221; parallax_method=&#8221;off&#8221; padding_mobile=&#8221;off&#8221; make_fullwidth=&#8221;off&#8221; use_custom_width=&#8221;off&#8221; width_unit=&#8221;on&#8221; make_equal=&#8221;off&#8221; use_custom_gutter=&#8221;off&#8221; gutter_width=&#8221;3&#8243;][et_pb_row admin_label=&#8221;Row&#8221;][et_pb_column type=&#8221;4_4&#8243;][et_pb_text admin_label=&#8221;Click on &#8230; Text&#8221; background_layout=&#8221;light&#8221; text_orientation=&#8221;center&#8221; use_border_color=&#8221;off&#8221; border_color=&#8221;#ffffff&#8221; border_style=&#8221;solid&#8221; text_font_size=&#8221;14&#8243;]<\/p>\n<h5><span style=\"font-weight: 400;\">Clice\u00e1il ar aon \u00edomh\u00e1 chun taispe\u00e1ntas sleamhn\u00e1n a oscailt.<\/span><\/h5>\n<p>[\/et_pb_text][\/et_pb_column][\/et_pb_row][et_pb_row admin_label=&#8221;Row&#8221;][et_pb_column type=&#8221;4_4&#8243;][et_pb_divider admin_label=&#8221;Divider&#8221; color=&#8221;#515151&#8243; show_divider=&#8221;on&#8221; divider_style=&#8221;solid&#8221; divider_position=&#8221;top&#8221; divider_weight=&#8221;1&#8243; hide_on_mobile=&#8221;off&#8221;] [\/et_pb_divider][\/et_pb_column][\/et_pb_row][et_pb_row admin_label=&#8221;row&#8221;][et_pb_column type=&#8221;4_4&#8243;][et_pb_text admin_label=&#8221;Exteriors Gallery Text&#8221; background_layout=&#8221;light&#8221; text_orientation=&#8221;left&#8221; use_border_color=&#8221;off&#8221; border_color=&#8221;#ffffff&#8221; border_style=&#8221;solid&#8221; text_font_size=&#8221;14&#8243;]<\/p>\n\n\t\t<style type=\"text\/css\">\n\t\t\t#gallery-1 {\n\t\t\t\tmargin: auto;\n\t\t\t}\n\t\t\t#gallery-1 .gallery-item {\n\t\t\t\tfloat: left;\n\t\t\t\tmargin-top: 10px;\n\t\t\t\ttext-align: center;\n\t\t\t\twidth: 33%;\n\t\t\t}\n\t\t\t#gallery-1 img {\n\t\t\t\tborder: 2px solid #cfcfcf;\n\t\t\t}\n\t\t\t#gallery-1 .gallery-caption {\n\t\t\t\tmargin-left: 0;\n\t\t\t}\n\t\t\t\/* see gallery_shortcode() in wp-includes\/media.php *\/\n\t\t<\/style>\n\t\t<div id='gallery-1' class='gallery galleryid-2552 gallery-columns-3 gallery-size-thumbnail'><dl class='gallery-item'>\n\t\t\t<dt class='gallery-icon landscape'>\n\t\t\t\t<a href='https:\/\/www.kilmainhamgaolmuseum.ie\/ga\/051117_-kilmainham_-041-jpg\/'><img decoding=\"async\" width=\"150\" height=\"150\" src=\"https:\/\/www.kilmainhamgaolmuseum.ie\/wp-content\/uploads\/2016\/01\/051117_-Kilmainham_-041-150x150.jpg\" class=\"attachment-thumbnail size-thumbnail\" alt=\"\" aria-describedby=\"gallery-1-2602\" \/><\/a>\n\t\t\t<\/dt>\n\t\t\t\t<dd class='wp-caption-text gallery-caption' id='gallery-1-2602'>\n\t\t\t\tPr\u00edos\u00fan Chill Mhaighneann. \u00a9Seirbh\u00eds na S\u00e9adchomhartha\u00ed N\u00e1isi\u00fanta, An Roinn Eala\u00edon, Oidhreachta agus Gaeltachta.\n\n\t\t\t\t<\/dd><\/dl><dl class='gallery-item'>\n\t\t\t<dt class='gallery-icon portrait'>\n\t\t\t\t<a href='https:\/\/www.kilmainhamgaolmuseum.ie\/ga\/060420-kilmainham-gaol-005-tif-3\/'><img decoding=\"async\" width=\"150\" height=\"150\" src=\"https:\/\/www.kilmainhamgaolmuseum.ie\/wp-content\/uploads\/2016\/01\/060420-Kilmainham-Gaol-005-copy-1-150x150.jpg\" class=\"attachment-thumbnail size-thumbnail\" alt=\"\" aria-describedby=\"gallery-1-2620\" srcset=\"https:\/\/www.kilmainhamgaolmuseum.ie\/wp-content\/uploads\/2016\/01\/060420-Kilmainham-Gaol-005-copy-1-150x150.jpg 150w, https:\/\/www.kilmainhamgaolmuseum.ie\/wp-content\/uploads\/2016\/01\/060420-Kilmainham-Gaol-005-copy-1-300x300.jpg 300w, https:\/\/www.kilmainhamgaolmuseum.ie\/wp-content\/uploads\/2016\/01\/060420-Kilmainham-Gaol-005-copy-1-768x769.jpg 768w, https:\/\/www.kilmainhamgaolmuseum.ie\/wp-content\/uploads\/2016\/01\/060420-Kilmainham-Gaol-005-copy-1.jpg 1023w, https:\/\/www.kilmainhamgaolmuseum.ie\/wp-content\/uploads\/2016\/01\/060420-Kilmainham-Gaol-005-copy-1-610x611.jpg 610w\" sizes=\"(max-width: 150px) 100vw, 150px\" \/><\/a>\n\t\t\t<\/dt>\n\t\t\t\t<dd class='wp-caption-text gallery-caption' id='gallery-1-2620'>\n\t\t\t\tPr\u00edos\u00fan Chill Mhaighneann. \u00a9Seirbh\u00eds na S\u00e9adchomhartha\u00ed N\u00e1isi\u00fanta, An Roinn Eala\u00edon, Oidhreachta agus Gaeltachta.\n\n\t\t\t\t<\/dd><\/dl><dl class='gallery-item'>\n\t\t\t<dt class='gallery-icon landscape'>\n\t\t\t\t<a href='https:\/\/www.kilmainhamgaolmuseum.ie\/ga\/kilmainham-gaol-facade-of-kilmainham-gaol-with-tricolour\/'><img decoding=\"async\" width=\"150\" height=\"150\" src=\"https:\/\/www.kilmainhamgaolmuseum.ie\/wp-content\/uploads\/2016\/01\/15-12-08_0935-150x150.jpg\" class=\"attachment-thumbnail size-thumbnail\" alt=\"\" \/><\/a>\n\t\t\t<\/dt><\/dl><br style=\"clear: both\" \/><dl class='gallery-item'>\n\t\t\t<dt class='gallery-icon portrait'>\n\t\t\t\t<a href='https:\/\/www.kilmainhamgaolmuseum.ie\/ga\/100114_kilmainham_gaol_064-tif-2\/'><img decoding=\"async\" width=\"150\" height=\"150\" src=\"https:\/\/www.kilmainhamgaolmuseum.ie\/wp-content\/uploads\/2016\/01\/100114_Kilmainham_Gaol_064-1-150x150.jpg\" class=\"attachment-thumbnail size-thumbnail\" alt=\"\" aria-describedby=\"gallery-1-2622\" srcset=\"https:\/\/www.kilmainhamgaolmuseum.ie\/wp-content\/uploads\/2016\/01\/100114_Kilmainham_Gaol_064-1-150x150.jpg 150w, https:\/\/www.kilmainhamgaolmuseum.ie\/wp-content\/uploads\/2016\/01\/100114_Kilmainham_Gaol_064-1-300x300.jpg 300w, https:\/\/www.kilmainhamgaolmuseum.ie\/wp-content\/uploads\/2016\/01\/100114_Kilmainham_Gaol_064-1-768x771.jpg 768w, https:\/\/www.kilmainhamgaolmuseum.ie\/wp-content\/uploads\/2016\/01\/100114_Kilmainham_Gaol_064-1-610x612.jpg 610w, https:\/\/www.kilmainhamgaolmuseum.ie\/wp-content\/uploads\/2016\/01\/100114_Kilmainham_Gaol_064-1.jpg 994w\" sizes=\"(max-width: 150px) 100vw, 150px\" \/><\/a>\n\t\t\t<\/dt>\n\t\t\t\t<dd class='wp-caption-text gallery-caption' id='gallery-1-2622'>\n\t\t\t\tPr\u00edos\u00fan Chill Mhaighneann. \u00a9Seirbh\u00eds na S\u00e9adchomhartha\u00ed N\u00e1isi\u00fanta, An Roinn Eala\u00edon, Oidhreachta agus Gaeltachta.\n\n\t\t\t\t<\/dd><\/dl><dl class='gallery-item'>\n\t\t\t<dt class='gallery-icon landscape'>\n\t\t\t\t<a href='https:\/\/www.kilmainhamgaolmuseum.ie\/ga\/060420_kilmainham_gaol_012-tif-2\/'><img decoding=\"async\" width=\"150\" height=\"150\" src=\"https:\/\/www.kilmainhamgaolmuseum.ie\/wp-content\/uploads\/2016\/01\/060420_Kilmainham_Gaol_012-1-150x150.jpg\" class=\"attachment-thumbnail size-thumbnail\" alt=\"\" aria-describedby=\"gallery-1-2621\" srcset=\"https:\/\/www.kilmainhamgaolmuseum.ie\/wp-content\/uploads\/2016\/01\/060420_Kilmainham_Gaol_012-1-150x150.jpg 150w, https:\/\/www.kilmainhamgaolmuseum.ie\/wp-content\/uploads\/2016\/01\/060420_Kilmainham_Gaol_012-1-300x300.jpg 300w, https:\/\/www.kilmainhamgaolmuseum.ie\/wp-content\/uploads\/2016\/01\/060420_Kilmainham_Gaol_012-1-768x768.jpg 768w, https:\/\/www.kilmainhamgaolmuseum.ie\/wp-content\/uploads\/2016\/01\/060420_Kilmainham_Gaol_012-1-610x610.jpg 610w, https:\/\/www.kilmainhamgaolmuseum.ie\/wp-content\/uploads\/2016\/01\/060420_Kilmainham_Gaol_012-1.jpg 1016w\" sizes=\"(max-width: 150px) 100vw, 150px\" \/><\/a>\n\t\t\t<\/dt>\n\t\t\t\t<dd class='wp-caption-text gallery-caption' id='gallery-1-2621'>\n\t\t\t\tPr\u00edos\u00fan Chill Mhaighneann. \u00a9Seirbh\u00eds na S\u00e9adchomhartha\u00ed N\u00e1isi\u00fanta, An Roinn Eala\u00edon, Oidhreachta agus Gaeltachta.\n\n\t\t\t\t<\/dd><\/dl><dl class='gallery-item'>\n\t\t\t<dt class='gallery-icon landscape'>\n\t\t\t\t<a href='https:\/\/www.kilmainhamgaolmuseum.ie\/ga\/kilmainham-gaol-003-tif\/'><img decoding=\"async\" width=\"150\" height=\"150\" src=\"https:\/\/www.kilmainhamgaolmuseum.ie\/wp-content\/uploads\/2016\/01\/Kilmainham-Gaol-003-150x150.jpg\" class=\"attachment-thumbnail size-thumbnail\" alt=\"\" aria-describedby=\"gallery-1-2619\" \/><\/a>\n\t\t\t<\/dt>\n\t\t\t\t<dd class='wp-caption-text gallery-caption' id='gallery-1-2619'>\n\t\t\t\tPr\u00edos\u00fan Chill Mhaighneann. \u00a9Seirbh\u00eds na S\u00e9adchomhartha\u00ed N\u00e1isi\u00fanta, An Roinn Eala\u00edon, Oidhreachta agus Gaeltachta.\n\n\t\t\t\t<\/dd><\/dl><br style=\"clear: both\" \/><dl class='gallery-item'>\n\t\t\t<dt class='gallery-icon landscape'>\n\t\t\t\t<a href='https:\/\/www.kilmainhamgaolmuseum.ie\/ga\/100114_kilmainham_gaol_067-tif\/'><img decoding=\"async\" width=\"150\" height=\"150\" src=\"https:\/\/www.kilmainhamgaolmuseum.ie\/wp-content\/uploads\/2016\/01\/100114_Kilmainham_Gaol_067-150x150.jpg\" class=\"attachment-thumbnail size-thumbnail\" alt=\"\" aria-describedby=\"gallery-1-2618\" \/><\/a>\n\t\t\t<\/dt>\n\t\t\t\t<dd class='wp-caption-text gallery-caption' id='gallery-1-2618'>\n\t\t\t\tPr\u00edos\u00fan Chill Mhaighneann. \u00a9Seirbh\u00eds na S\u00e9adchomhartha\u00ed N\u00e1isi\u00fanta, An Roinn Eala\u00edon, Oidhreachta agus Gaeltachta.\n\n\t\t\t\t<\/dd><\/dl><dl class='gallery-item'>\n\t\t\t<dt class='gallery-icon portrait'>\n\t\t\t\t<a href='https:\/\/www.kilmainhamgaolmuseum.ie\/ga\/060420_kilmainham_gaol_011-tif\/'><img decoding=\"async\" width=\"150\" height=\"150\" src=\"https:\/\/www.kilmainhamgaolmuseum.ie\/wp-content\/uploads\/2016\/01\/060420_Kilmainham_Gaol_011-150x150.jpg\" class=\"attachment-thumbnail size-thumbnail\" alt=\"\" aria-describedby=\"gallery-1-2610\" \/><\/a>\n\t\t\t<\/dt>\n\t\t\t\t<dd class='wp-caption-text gallery-caption' id='gallery-1-2610'>\n\t\t\t\tPr\u00edos\u00fan Chill Mhaighneann. \u00a9Seirbh\u00eds na S\u00e9adchomhartha\u00ed N\u00e1isi\u00fanta, An Roinn Eala\u00edon, Oidhreachta agus Gaeltachta.\n\n\t\t\t\t<\/dd><\/dl><dl class='gallery-item'>\n\t\t\t<dt class='gallery-icon portrait'>\n\t\t\t\t<a href='https:\/\/www.kilmainhamgaolmuseum.ie\/ga\/100114_kilmainham_gaol_009-tif\/'><img decoding=\"async\" width=\"150\" height=\"150\" src=\"https:\/\/www.kilmainhamgaolmuseum.ie\/wp-content\/uploads\/2016\/01\/100114_Kilmainham_Gaol_009-150x150.jpg\" class=\"attachment-thumbnail size-thumbnail\" alt=\"\" aria-describedby=\"gallery-1-2613\" \/><\/a>\n\t\t\t<\/dt>\n\t\t\t\t<dd class='wp-caption-text gallery-caption' id='gallery-1-2613'>\n\t\t\t\tPr\u00edos\u00fan Chill Mhaighneann. \u00a9Seirbh\u00eds na S\u00e9adchomhartha\u00ed N\u00e1isi\u00fanta, An Roinn Eala\u00edon, Oidhreachta agus Gaeltachta.\n\n\t\t\t\t<\/dd><\/dl><br style=\"clear: both\" \/><dl class='gallery-item'>\n\t\t\t<dt class='gallery-icon portrait'>\n\t\t\t\t<a href='https:\/\/www.kilmainhamgaolmuseum.ie\/ga\/100114_kilmainham_gaol_015-tif\/'><img decoding=\"async\" width=\"150\" height=\"150\" src=\"https:\/\/www.kilmainhamgaolmuseum.ie\/wp-content\/uploads\/2016\/01\/100114_Kilmainham_Gaol_015-150x150.jpg\" class=\"attachment-thumbnail size-thumbnail\" alt=\"\" aria-describedby=\"gallery-1-2615\" \/><\/a>\n\t\t\t<\/dt>\n\t\t\t\t<dd class='wp-caption-text gallery-caption' id='gallery-1-2615'>\n\t\t\t\tPr\u00edos\u00fan Chill Mhaighneann. \u00a9Seirbh\u00eds na S\u00e9adchomhartha\u00ed N\u00e1isi\u00fanta, An Roinn Eala\u00edon, Oidhreachta agus Gaeltachta.\n\n\t\t\t\t<\/dd><\/dl><dl class='gallery-item'>\n\t\t\t<dt class='gallery-icon portrait'>\n\t\t\t\t<a href='https:\/\/www.kilmainhamgaolmuseum.ie\/ga\/060420_kilmainham_gaol_003-tif-2\/'><img decoding=\"async\" width=\"150\" height=\"150\" src=\"https:\/\/www.kilmainhamgaolmuseum.ie\/wp-content\/uploads\/2016\/01\/060420_Kilmainham_Gaol_003-150x150.jpg\" class=\"attachment-thumbnail size-thumbnail\" alt=\"\" aria-describedby=\"gallery-1-2607\" \/><\/a>\n\t\t\t<\/dt>\n\t\t\t\t<dd class='wp-caption-text gallery-caption' id='gallery-1-2607'>\n\t\t\t\tPr\u00edos\u00fan Chill Mhaighneann. \u00a9Seirbh\u00eds na S\u00e9adchomhartha\u00ed N\u00e1isi\u00fanta, An Roinn Eala\u00edon, Oidhreachta agus Gaeltachta.\n\n\t\t\t\t<\/dd><\/dl><dl class='gallery-item'>\n\t\t\t<dt class='gallery-icon landscape'>\n\t\t\t\t<a href='https:\/\/www.kilmainhamgaolmuseum.ie\/ga\/060420_kilmainham_gaol_009-tif-2\/'><img decoding=\"async\" width=\"150\" height=\"150\" src=\"https:\/\/www.kilmainhamgaolmuseum.ie\/wp-content\/uploads\/2016\/01\/060420_Kilmainham_Gaol_009-150x150.jpg\" class=\"attachment-thumbnail size-thumbnail\" alt=\"\" aria-describedby=\"gallery-1-2608\" \/><\/a>\n\t\t\t<\/dt>\n\t\t\t\t<dd class='wp-caption-text gallery-caption' id='gallery-1-2608'>\n\t\t\t\tPr\u00edos\u00fan Chill Mhaighneann. \u00a9Seirbh\u00eds na S\u00e9adchomhartha\u00ed N\u00e1isi\u00fanta, An Roinn Eala\u00edon, Oidhreachta agus Gaeltachta.\n\n\t\t\t\t<\/dd><\/dl><br style=\"clear: both\" \/><dl class='gallery-item'>\n\t\t\t<dt class='gallery-icon portrait'>\n\t\t\t\t<a href='https:\/\/www.kilmainhamgaolmuseum.ie\/ga\/15-12-08_0951\/'><img decoding=\"async\" width=\"150\" height=\"150\" src=\"https:\/\/www.kilmainhamgaolmuseum.ie\/wp-content\/uploads\/2016\/01\/15-12-08_0951-150x150.jpg\" class=\"attachment-thumbnail size-thumbnail\" alt=\"\" aria-describedby=\"gallery-1-2634\" \/><\/a>\n\t\t\t<\/dt>\n\t\t\t\t<dd class='wp-caption-text gallery-caption' id='gallery-1-2634'>\n\t\t\t\tAghaidh Phr\u00edos\u00fan Chill Mhaighneann ag taispe\u00e1int an doras tosaigh le m\u00f3it\u00edf an hiodra. Peter Moloney Photography.\n\n\t\t\t\t<\/dd><\/dl><dl class='gallery-item'>\n\t\t\t<dt class='gallery-icon portrait'>\n\t\t\t\t<a href='https:\/\/www.kilmainhamgaolmuseum.ie\/ga\/kilmainham-gaol-stone-breakers-yard-with-connolly-cross-2\/'><img decoding=\"async\" width=\"150\" height=\"150\" src=\"https:\/\/www.kilmainhamgaolmuseum.ie\/wp-content\/uploads\/2016\/01\/15-12-08_0914-150x150.jpg\" class=\"attachment-thumbnail size-thumbnail\" alt=\"\" aria-describedby=\"gallery-1-2322\" \/><\/a>\n\t\t\t<\/dt>\n\t\t\t\t<dd class='wp-caption-text gallery-caption' id='gallery-1-2322'>\n\t\t\t\tCl\u00f3s na mBristeoir\u00ed Cloch le cros U\u00ed Chonghaile. Peter Moloney Photography.\n\t\t\t\t<\/dd><\/dl><dl class='gallery-item'>\n\t\t\t<dt class='gallery-icon portrait'>\n\t\t\t\t<a href='https:\/\/www.kilmainhamgaolmuseum.ie\/ga\/online-tour\/kilmainham-gaol-plaque-to-executed-leaders-of-1916-2\/'><img decoding=\"async\" width=\"150\" height=\"150\" src=\"https:\/\/www.kilmainhamgaolmuseum.ie\/wp-content\/uploads\/2016\/01\/15-12-08_0923-150x150.jpg\" class=\"attachment-thumbnail size-thumbnail\" alt=\"\" aria-describedby=\"gallery-1-2538\" \/><\/a>\n\t\t\t<\/dt>\n\t\t\t\t<dd class='wp-caption-text gallery-caption' id='gallery-1-2538'>\n\t\t\t\tLeac i gcuimhne ar Cheannair\u00ed 1916 a cuireadh chun b\u00e1is. Peter Moloney Photography. Peter Moloney Photography. \n\t\t\t\t<\/dd><\/dl><br style=\"clear: both\" \/>\n\t\t<\/div>\n\n<p>[\/et_pb_text][\/et_pb_column][\/et_pb_row][et_pb_row admin_label=&#8221;Row&#8221;][et_pb_column type=&#8221;4_4&#8243;][et_pb_divider admin_label=&#8221;Divider&#8221; color=&#8221;#515151&#8243; show_divider=&#8221;on&#8221; divider_style=&#8221;solid&#8221; divider_position=&#8221;top&#8221; divider_weight=&#8221;1&#8243; hide_on_mobile=&#8221;off&#8221;] [\/et_pb_divider][\/et_pb_column][\/et_pb_row][et_pb_row admin_label=&#8221;Row&#8221;][et_pb_column type=&#8221;4_4&#8243;][et_pb_cta admin_label=&#8221;Call To Action&#8221; url_new_window=&#8221;off&#8221; use_background_color=&#8221;off&#8221; background_color=&#8221;#841a05&#8243; background_layout=&#8221;light&#8221; text_orientation=&#8221;center&#8221; header_font=&#8221;Droid Serif||||&#8221; header_font_size=&#8221;17&#8243; use_border_color=&#8221;off&#8221; border_color=&#8221;#ffffff&#8221; border_style=&#8221;solid&#8221; custom_button=&#8221;on&#8221; button_text_size=&#8221;15&#8243; button_border_width=&#8221;1&#8243; button_letter_spacing=&#8221;0&#8243; button_use_icon=&#8221;default&#8221; button_icon_placement=&#8221;right&#8221; button_on_hover=&#8221;on&#8221; button_letter_spacing_hover=&#8221;0&#8243; title=&#8221;Mura bhfuil a mhalairt luaite go sonrach is le hOifig na nOibreacha Poibl\u00ed an c\u00f3ipcheart. M\u00e1s mian leat ceann ar bith de na h\u00edomh\u00e1nna seo a \u00fas\u00e1id b\u00ed i dteagmh\u00e1il linn, le do thoil.&#8221; button_url=&#8221;http:\/\/34.253.136.193\/ga\/contact-us\/&#8221; button_text=&#8221;Teagmh\u00e1il&#8221; body_font_size=&#8221;14&#8243; button_border_radius=&#8221;3&#8243; button_border_radius_hover=&#8221;3&#8243;] [\/et_pb_cta][\/et_pb_column][\/et_pb_row][\/et_pb_section]<\/p>\n","protected":false},"excerpt":{"rendered":"<p>Gaileara\u00ed Clice\u00e1il ar aon \u00edomh\u00e1 chun taispe\u00e1ntas sleamhn\u00e1n a oscailt. \n\t\t<style type=\"text\/css\">\n\t\t\t#gallery-2 {\n\t\t\t\tmargin: auto;\n\t\t\t}\n\t\t\t#gallery-2 .gallery-item {\n\t\t\t\tfloat: left;\n\t\t\t\tmargin-top: 10px;\n\t\t\t\ttext-align: center;\n\t\t\t\twidth: 33%;\n\t\t\t}\n\t\t\t#gallery-2 img {\n\t\t\t\tborder: 2px solid #cfcfcf;\n\t\t\t}\n\t\t\t#gallery-2 .gallery-caption {\n\t\t\t\tmargin-left: 0;\n\t\t\t}\n\t\t\t\/* see gallery_shortcode() in wp-includes\/media.php *\/\n\t\t<\/style>\n\t\t<div id='gallery-2' class='gallery galleryid-2552 gallery-columns-3 gallery-size-thumbnail'><dl class='gallery-item'>\n\t\t\t<dt class='gallery-icon landscape'>\n\t\t\t\t<a href='https:\/\/www.kilmainhamgaolmuseum.ie\/ga\/051117_-kilmainham_-041-jpg\/'><img width=\"150\" height=\"150\" src=\"https:\/\/www.kilmainhamgaolmuseum.ie\/wp-content\/uploads\/2016\/01\/051117_-Kilmainham_-041-150x150.jpg\" class=\"attachment-thumbnail size-thumbnail\" alt=\"\" aria-describedby=\"gallery-2-2602\" decoding=\"async\" \/><\/a>\n\t\t\t<\/dt>\n\t\t\t\t<dd class='wp-caption-text gallery-caption' id='gallery-2-2602'>\n\t\t\t\tPr\u00edos\u00fan Chill Mhaighneann. \u00a9Seirbh\u00eds na S\u00e9adchomhartha\u00ed N\u00e1isi\u00fanta, An Roinn Eala\u00edon, Oidhreachta agus Gaeltachta.\n\n\t\t\t\t<\/dd><\/dl><dl class='gallery-item'>\n\t\t\t<dt class='gallery-icon portrait'>\n\t\t\t\t<a href='https:\/\/www.kilmainhamgaolmuseum.ie\/ga\/060420-kilmainham-gaol-005-tif-3\/'><img width=\"150\" height=\"150\" src=\"https:\/\/www.kilmainhamgaolmuseum.ie\/wp-content\/uploads\/2016\/01\/060420-Kilmainham-Gaol-005-copy-1-150x150.jpg\" class=\"attachment-thumbnail size-thumbnail\" alt=\"\" aria-describedby=\"gallery-2-2620\" decoding=\"async\" srcset=\"https:\/\/www.kilmainhamgaolmuseum.ie\/wp-content\/uploads\/2016\/01\/060420-Kilmainham-Gaol-005-copy-1-150x150.jpg 150w, https:\/\/www.kilmainhamgaolmuseum.ie\/wp-content\/uploads\/2016\/01\/060420-Kilmainham-Gaol-005-copy-1-300x300.jpg 300w, https:\/\/www.kilmainhamgaolmuseum.ie\/wp-content\/uploads\/2016\/01\/060420-Kilmainham-Gaol-005-copy-1-768x769.jpg 768w, https:\/\/www.kilmainhamgaolmuseum.ie\/wp-content\/uploads\/2016\/01\/060420-Kilmainham-Gaol-005-copy-1.jpg 1023w, https:\/\/www.kilmainhamgaolmuseum.ie\/wp-content\/uploads\/2016\/01\/060420-Kilmainham-Gaol-005-copy-1-610x611.jpg 610w\" sizes=\"(max-width: 150px) 100vw, 150px\" \/><\/a>\n\t\t\t<\/dt>\n\t\t\t\t<dd class='wp-caption-text gallery-caption' id='gallery-2-2620'>\n\t\t\t\tPr\u00edos\u00fan Chill Mhaighneann. \u00a9Seirbh\u00eds na S\u00e9adchomhartha\u00ed N\u00e1isi\u00fanta, An Roinn Eala\u00edon, Oidhreachta agus Gaeltachta.\n\n\t\t\t\t<\/dd><\/dl><dl class='gallery-item'>\n\t\t\t<dt class='gallery-icon landscape'>\n\t\t\t\t<a href='https:\/\/www.kilmainhamgaolmuseum.ie\/ga\/kilmainham-gaol-facade-of-kilmainham-gaol-with-tricolour\/'><img width=\"150\" height=\"150\" src=\"https:\/\/www.kilmainhamgaolmuseum.ie\/wp-content\/uploads\/2016\/01\/15-12-08_0935-150x150.jpg\" class=\"attachment-thumbnail size-thumbnail\" alt=\"\" decoding=\"async\" \/><\/a>\n\t\t\t<\/dt><\/dl><br style=\"clear: both\" \/><dl class='gallery-item'>\n\t\t\t<dt class='gallery-icon portrait'>\n\t\t\t\t<a href='https:\/\/www.kilmainhamgaolmuseum.ie\/ga\/100114_kilmainham_gaol_064-tif-2\/'><img width=\"150\" height=\"150\" src=\"https:\/\/www.kilmainhamgaolmuseum.ie\/wp-content\/uploads\/2016\/01\/100114_Kilmainham_Gaol_064-1-150x150.jpg\" class=\"attachment-thumbnail size-thumbnail\" alt=\"\" aria-describedby=\"gallery-2-2622\" decoding=\"async\" srcset=\"https:\/\/www.kilmainhamgaolmuseum.ie\/wp-content\/uploads\/2016\/01\/100114_Kilmainham_Gaol_064-1-150x150.jpg 150w, https:\/\/www.kilmainhamgaolmuseum.ie\/wp-content\/uploads\/2016\/01\/100114_Kilmainham_Gaol_064-1-300x300.jpg 300w, https:\/\/www.kilmainhamgaolmuseum.ie\/wp-content\/uploads\/2016\/01\/100114_Kilmainham_Gaol_064-1-768x771.jpg 768w, https:\/\/www.kilmainhamgaolmuseum.ie\/wp-content\/uploads\/2016\/01\/100114_Kilmainham_Gaol_064-1-610x612.jpg 610w, https:\/\/www.kilmainhamgaolmuseum.ie\/wp-content\/uploads\/2016\/01\/100114_Kilmainham_Gaol_064-1.jpg 994w\" sizes=\"(max-width: 150px) 100vw, 150px\" \/><\/a>\n\t\t\t<\/dt>\n\t\t\t\t<dd class='wp-caption-text gallery-caption' id='gallery-2-2622'>\n\t\t\t\tPr\u00edos\u00fan Chill Mhaighneann. \u00a9Seirbh\u00eds na S\u00e9adchomhartha\u00ed N\u00e1isi\u00fanta, An Roinn Eala\u00edon, Oidhreachta agus Gaeltachta.\n\n\t\t\t\t<\/dd><\/dl><dl class='gallery-item'>\n\t\t\t<dt class='gallery-icon landscape'>\n\t\t\t\t<a href='https:\/\/www.kilmainhamgaolmuseum.ie\/ga\/060420_kilmainham_gaol_012-tif-2\/'><img width=\"150\" height=\"150\" src=\"https:\/\/www.kilmainhamgaolmuseum.ie\/wp-content\/uploads\/2016\/01\/060420_Kilmainham_Gaol_012-1-150x150.jpg\" class=\"attachment-thumbnail size-thumbnail\" alt=\"\" aria-describedby=\"gallery-2-2621\" decoding=\"async\" srcset=\"https:\/\/www.kilmainhamgaolmuseum.ie\/wp-content\/uploads\/2016\/01\/060420_Kilmainham_Gaol_012-1-150x150.jpg 150w, https:\/\/www.kilmainhamgaolmuseum.ie\/wp-content\/uploads\/2016\/01\/060420_Kilmainham_Gaol_012-1-300x300.jpg 300w, https:\/\/www.kilmainhamgaolmuseum.ie\/wp-content\/uploads\/2016\/01\/060420_Kilmainham_Gaol_012-1-768x768.jpg 768w, https:\/\/www.kilmainhamgaolmuseum.ie\/wp-content\/uploads\/2016\/01\/060420_Kilmainham_Gaol_012-1-610x610.jpg 610w, https:\/\/www.kilmainhamgaolmuseum.ie\/wp-content\/uploads\/2016\/01\/060420_Kilmainham_Gaol_012-1.jpg 1016w\" sizes=\"(max-width: 150px) 100vw, 150px\" \/><\/a>\n\t\t\t<\/dt>\n\t\t\t\t<dd class='wp-caption-text gallery-caption' id='gallery-2-2621'>\n\t\t\t\tPr\u00edos\u00fan Chill Mhaighneann. \u00a9Seirbh\u00eds na S\u00e9adchomhartha\u00ed N\u00e1isi\u00fanta, An Roinn Eala\u00edon, Oidhreachta agus Gaeltachta.\n\n\t\t\t\t<\/dd><\/dl><dl class='gallery-item'>\n\t\t\t<dt class='gallery-icon landscape'>\n\t\t\t\t<a href='https:\/\/www.kilmainhamgaolmuseum.ie\/ga\/kilmainham-gaol-003-tif\/'><img width=\"150\" height=\"150\" src=\"https:\/\/www.kilmainhamgaolmuseum.ie\/wp-content\/uploads\/2016\/01\/Kilmainham-Gaol-003-150x150.jpg\" class=\"attachment-thumbnail size-thumbnail\" alt=\"\" aria-describedby=\"gallery-2-2619\" decoding=\"async\" \/><\/a>\n\t\t\t<\/dt>\n\t\t\t\t<dd class='wp-caption-text gallery-caption' id='gallery-2-2619'>\n\t\t\t\tPr\u00edos\u00fan Chill Mhaighneann. \u00a9Seirbh\u00eds na S\u00e9adchomhartha\u00ed N\u00e1isi\u00fanta, An Roinn Eala\u00edon, Oidhreachta agus Gaeltachta.\n\n\t\t\t\t<\/dd><\/dl><br style=\"clear: both\" \/><dl class='gallery-item'>\n\t\t\t<dt class='gallery-icon landscape'>\n\t\t\t\t<a href='https:\/\/www.kilmainhamgaolmuseum.ie\/ga\/100114_kilmainham_gaol_067-tif\/'><img width=\"150\" height=\"150\" src=\"https:\/\/www.kilmainhamgaolmuseum.ie\/wp-content\/uploads\/2016\/01\/100114_Kilmainham_Gaol_067-150x150.jpg\" class=\"attachment-thumbnail size-thumbnail\" alt=\"\" aria-describedby=\"gallery-2-2618\" decoding=\"async\" \/><\/a>\n\t\t\t<\/dt>\n\t\t\t\t<dd class='wp-caption-text gallery-caption' id='gallery-2-2618'>\n\t\t\t\tPr\u00edos\u00fan Chill Mhaighneann. \u00a9Seirbh\u00eds na S\u00e9adchomhartha\u00ed N\u00e1isi\u00fanta, An Roinn Eala\u00edon, Oidhreachta agus Gaeltachta.\n\n\t\t\t\t<\/dd><\/dl><dl class='gallery-item'>\n\t\t\t<dt class='gallery-icon portrait'>\n\t\t\t\t<a href='https:\/\/www.kilmainhamgaolmuseum.ie\/ga\/060420_kilmainham_gaol_011-tif\/'><img width=\"150\" height=\"150\" src=\"https:\/\/www.kilmainhamgaolmuseum.ie\/wp-content\/uploads\/2016\/01\/060420_Kilmainham_Gaol_011-150x150.jpg\" class=\"attachment-thumbnail size-thumbnail\" alt=\"\" aria-describedby=\"gallery-2-2610\" decoding=\"async\" \/><\/a>\n\t\t\t<\/dt>\n\t\t\t\t<dd class='wp-caption-text gallery-caption' id='gallery-2-2610'>\n\t\t\t\tPr\u00edos\u00fan Chill Mhaighneann. \u00a9Seirbh\u00eds na S\u00e9adchomhartha\u00ed N\u00e1isi\u00fanta, An Roinn Eala\u00edon, Oidhreachta agus Gaeltachta.\n\n\t\t\t\t<\/dd><\/dl><dl class='gallery-item'>\n\t\t\t<dt class='gallery-icon portrait'>\n\t\t\t\t<a href='https:\/\/www.kilmainhamgaolmuseum.ie\/ga\/100114_kilmainham_gaol_009-tif\/'><img width=\"150\" height=\"150\" src=\"https:\/\/www.kilmainhamgaolmuseum.ie\/wp-content\/uploads\/2016\/01\/100114_Kilmainham_Gaol_009-150x150.jpg\" class=\"attachment-thumbnail size-thumbnail\" alt=\"\" aria-describedby=\"gallery-2-2613\" decoding=\"async\" \/><\/a>\n\t\t\t<\/dt>\n\t\t\t\t<dd class='wp-caption-text gallery-caption' id='gallery-2-2613'>\n\t\t\t\tPr\u00edos\u00fan Chill Mhaighneann. \u00a9Seirbh\u00eds na S\u00e9adchomhartha\u00ed N\u00e1isi\u00fanta, An Roinn Eala\u00edon, Oidhreachta agus Gaeltachta.\n\n\t\t\t\t<\/dd><\/dl><br style=\"clear: both\" \/><dl class='gallery-item'>\n\t\t\t<dt class='gallery-icon portrait'>\n\t\t\t\t<a href='https:\/\/www.kilmainhamgaolmuseum.ie\/ga\/100114_kilmainham_gaol_015-tif\/'><img width=\"150\" height=\"150\" src=\"https:\/\/www.kilmainhamgaolmuseum.ie\/wp-content\/uploads\/2016\/01\/100114_Kilmainham_Gaol_015-150x150.jpg\" class=\"attachment-thumbnail size-thumbnail\" alt=\"\" aria-describedby=\"gallery-2-2615\" decoding=\"async\" \/><\/a>\n\t\t\t<\/dt>\n\t\t\t\t<dd class='wp-caption-text gallery-caption' id='gallery-2-2615'>\n\t\t\t\tPr\u00edos\u00fan Chill Mhaighneann. \u00a9Seirbh\u00eds na S\u00e9adchomhartha\u00ed N\u00e1isi\u00fanta, An Roinn Eala\u00edon, Oidhreachta agus Gaeltachta.\n\n\t\t\t\t<\/dd><\/dl><dl class='gallery-item'>\n\t\t\t<dt class='gallery-icon portrait'>\n\t\t\t\t<a href='https:\/\/www.kilmainhamgaolmuseum.ie\/ga\/060420_kilmainham_gaol_003-tif-2\/'><img width=\"150\" height=\"150\" src=\"https:\/\/www.kilmainhamgaolmuseum.ie\/wp-content\/uploads\/2016\/01\/060420_Kilmainham_Gaol_003-150x150.jpg\" class=\"attachment-thumbnail size-thumbnail\" alt=\"\" aria-describedby=\"gallery-2-2607\" decoding=\"async\" \/><\/a>\n\t\t\t<\/dt>\n\t\t\t\t<dd class='wp-caption-text gallery-caption' id='gallery-2-2607'>\n\t\t\t\tPr\u00edos\u00fan Chill Mhaighneann. \u00a9Seirbh\u00eds na S\u00e9adchomhartha\u00ed N\u00e1isi\u00fanta, An Roinn Eala\u00edon, Oidhreachta agus Gaeltachta.\n\n\t\t\t\t<\/dd><\/dl><dl class='gallery-item'>\n\t\t\t<dt class='gallery-icon landscape'>\n\t\t\t\t<a href='https:\/\/www.kilmainhamgaolmuseum.ie\/ga\/060420_kilmainham_gaol_009-tif-2\/'><img width=\"150\" height=\"150\" src=\"https:\/\/www.kilmainhamgaolmuseum.ie\/wp-content\/uploads\/2016\/01\/060420_Kilmainham_Gaol_009-150x150.jpg\" class=\"attachment-thumbnail size-thumbnail\" alt=\"\" aria-describedby=\"gallery-2-2608\" decoding=\"async\" \/><\/a>\n\t\t\t<\/dt>\n\t\t\t\t<dd class='wp-caption-text gallery-caption' id='gallery-2-2608'>\n\t\t\t\tPr\u00edos\u00fan Chill Mhaighneann. \u00a9Seirbh\u00eds na S\u00e9adchomhartha\u00ed N\u00e1isi\u00fanta, An Roinn Eala\u00edon, Oidhreachta agus Gaeltachta.\n\n\t\t\t\t<\/dd><\/dl><br style=\"clear: both\" \/><dl class='gallery-item'>\n\t\t\t<dt class='gallery-icon portrait'>\n\t\t\t\t<a href='https:\/\/www.kilmainhamgaolmuseum.ie\/ga\/15-12-08_0951\/'><img width=\"150\" height=\"150\" src=\"https:\/\/www.kilmainhamgaolmuseum.ie\/wp-content\/uploads\/2016\/01\/15-12-08_0951-150x150.jpg\" class=\"attachment-thumbnail size-thumbnail\" alt=\"\" aria-describedby=\"gallery-2-2634\" decoding=\"async\" \/><\/a>\n\t\t\t<\/dt>\n\t\t\t\t<dd class='wp-caption-text gallery-caption' id='gallery-2-2634'>\n\t\t\t\tAghaidh Phr\u00edos\u00fan Chill Mhaighneann ag taispe\u00e1int an doras tosaigh le m\u00f3it\u00edf an hiodra. Peter Moloney Photography.\n\n\t\t\t\t<\/dd><\/dl><dl class='gallery-item'>\n\t\t\t<dt class='gallery-icon portrait'>\n\t\t\t\t<a href='https:\/\/www.kilmainhamgaolmuseum.ie\/ga\/kilmainham-gaol-stone-breakers-yard-with-connolly-cross-2\/'><img width=\"150\" height=\"150\" src=\"https:\/\/www.kilmainhamgaolmuseum.ie\/wp-content\/uploads\/2016\/01\/15-12-08_0914-150x150.jpg\" class=\"attachment-thumbnail size-thumbnail\" alt=\"\" aria-describedby=\"gallery-2-2322\" decoding=\"async\" \/><\/a>\n\t\t\t<\/dt>\n\t\t\t\t<dd class='wp-caption-text gallery-caption' id='gallery-2-2322'>\n\t\t\t\tCl\u00f3s na mBristeoir\u00ed Cloch le cros U\u00ed Chonghaile. Peter Moloney Photography.\n\t\t\t\t<\/dd><\/dl><dl class='gallery-item'>\n\t\t\t<dt class='gallery-icon portrait'>\n\t\t\t\t<a href='https:\/\/www.kilmainhamgaolmuseum.ie\/ga\/online-tour\/kilmainham-gaol-plaque-to-executed-leaders-of-1916-2\/'><img width=\"150\" height=\"150\" src=\"https:\/\/www.kilmainhamgaolmuseum.ie\/wp-content\/uploads\/2016\/01\/15-12-08_0923-150x150.jpg\" class=\"attachment-thumbnail size-thumbnail\" alt=\"\" aria-describedby=\"gallery-2-2538\" decoding=\"async\" \/><\/a>\n\t\t\t<\/dt>\n\t\t\t\t<dd class='wp-caption-text gallery-caption' id='gallery-2-2538'>\n\t\t\t\tLeac i gcuimhne ar Cheannair\u00ed 1916 a cuireadh chun b\u00e1is. Peter Moloney Photography. Peter Moloney Photography. \n\t\t\t\t<\/dd><\/dl><br style=\"clear: both\" \/>\n\t\t<\/div>\n<\/p>\n","protected":false},"author":8,"featured_media":0,"parent":0,"menu_order":0,"comment_status":"closed","ping_status":"closed","template":"","meta":{"_et_pb_use_builder":"on","_et_pb_old_content":"","_et_gb_content_width":"","footnotes":""},"class_list":["post-2552","page","type-page","status-publish","hentry"],"_links":{"self":[{"href":"https:\/\/www.kilmainhamgaolmuseum.ie\/ga\/wp-json\/wp\/v2\/pages\/2552","targetHints":{"allow":["GET"]}}],"collection":[{"href":"https:\/\/www.kilmainhamgaolmuseum.ie\/ga\/wp-json\/wp\/v2\/pages"}],"about":[{"href":"https:\/\/www.kilmainhamgaolmuseum.ie\/ga\/wp-json\/wp\/v2\/types\/page"}],"author":[{"embeddable":true,"href":"https:\/\/www.kilmainhamgaolmuseum.ie\/ga\/wp-json\/wp\/v2\/users\/8"}],"replies":[{"embeddable":true,"href":"https:\/\/www.kilmainhamgaolmuseum.ie\/ga\/wp-json\/wp\/v2\/comments?post=2552"}],"version-history":[{"count":2,"href":"https:\/\/www.kilmainhamgaolmuseum.ie\/ga\/wp-json\/wp\/v2\/pages\/2552\/revisions"}],"predecessor-version":[{"id":2554,"href":"https:\/\/www.kilmainhamgaolmuseum.ie\/ga\/wp-json\/wp\/v2\/pages\/2552\/revisions\/2554"}],"wp:attachment":[{"href":"https:\/\/www.kilmainhamgaolmuseum.ie\/ga\/wp-json\/wp\/v2\/media?parent=2552"}],"curies":[{"name":"wp","href":"https:\/\/api.w.org\/{rel}","templated":true}]}}